{"id":20063,"date":"2021-06-08T08:28:53","date_gmt":"2021-06-08T08:28:53","guid":{"rendered":"https:\/\/newcz.f-chain.com\/?page_id=20063"},"modified":"2021-06-08T11:19:57","modified_gmt":"2021-06-08T11:19:57","slug":"registrace-jako-platce-dph-identifikovana-osoba","status":"publish","type":"page","link":"https:\/\/cz.f-chain.com\/cs\/registrace-jako-platce-dph-identifikovana-osoba\/","title":{"rendered":"Registrace jako pl\u00e1tce DPH \/identifikovan\u00e1 osoba"},"content":{"rendered":"<div class=\"wpb-content-wrapper\"><p>[vc_row content_placement=&#8220;middle&#8220; css_animation=&#8220;fadeInUp&#8220;][vc_column width=&#8220;1\/2&#8243;][vc_column_text]<\/p>\n<h3>Podnikatel\u00e9 jsou zaps\u00e1ni do registru pl\u00e1tc\u016f DPH ve dvou p\u0159\u00edpadech:<\/h3>\n<ul class=\"ul-gray\">\n<li>dobrovoln\u011b (pokud je obrat spole\u010dnosti ni\u017e\u0161\u00ed ne\u017e 1 milion \u010desk\u00fdch korun za rok, ale sou\u010dasn\u011b je ekonomicky od\u016fvodn\u011bn\u00e9 z\u00edskat toto postaven\u00ed)<\/li>\n<li>povinn\u011b (po dosa\u017een\u00ed minim\u00e1ln\u00edho obratu 1 milion \u010desk\u00fdch korun za 12 po sob\u011b n\u00e1sleduj\u00edc\u00edch m\u011bs\u00edc\u016f).<\/li>\n<\/ul>\n<h3>A co identifikovan\u00e1 osoba?<\/h3>\n<h3>Spole\u010dnost nebo podnikatel-fyzick\u00e1 osoba jsou povinni registrovat se jako identifikovan\u00e1 osoba v n\u00e1sleduj\u00edc\u00edch p\u0159\u00edpadech:<\/h3>\n<ul class=\"ul-gray\">\n<li>N\u00e1kup zbo\u017e\u00ed v jin\u00e9m \u010dlensk\u00e9m st\u00e1t\u011b EU s celkovou hodnotou, kter\u00e1 p\u0159ekra\u010duje 326.000,- K\u010d (krom\u011b jak\u00e9hokoli produktu podl\u00e9haj\u00edc\u00edho spot\u0159ebn\u00ed dani)<\/li>\n<li>Obdr\u017een\u00ed slu\u017eeb v \u010cesk\u00e9 republice od podnikatel\u016f z jin\u00e9 zem\u011b. Jako p\u0159\u00edklad m\u016f\u017eeme uv\u00e9st slu\u017eby spole\u010dnost\u00ed, jako je Facebook, Google, Uber, Wolt, Bolt, Airbnb.<\/li>\n<li>Poskytnut\u00ed slu\u017eby v jin\u00e9 \u010dlensk\u00e9 zemi EU<\/li>\n<\/ul>\n<p>[\/vc_column_text][\/vc_column][vc_column width=&#8220;1\/2&#8243;][vc_single_image image=&#8220;19966&#8243; img_size=&#8220;full&#8220;][\/vc_column][\/vc_row][vc_row content_placement=&#8220;middle&#8220; css_animation=&#8220;fadeInUp&#8220;][vc_column width=&#8220;1\/2&#8243;][vc_single_image image=&#8220;19969&#8243; img_size=&#8220;full&#8220;][\/vc_column][vc_column width=&#8220;1\/2&#8243;][vc_column_text]<\/p>\n<h3>Je pot\u0159eba zd\u016fraznit, \u017ee ve v\u0161ech t\u011bchto p\u0159\u00edpadech je po\u017eadov\u00e1no n\u00e1sleduj\u00edc\u00ed:<\/h3>\n<ul class=\"ul-gray\">\n<li>detailn\u00ed anal\u00fdza situace a spr\u00e1vn\u00e9 zpracov\u00e1n\u00ed dokumentace<\/li>\n<li>trval\u00e1 komunikace s finan\u010dn\u00edm \u00fa\u0159adem (poskytov\u00e1n\u00ed po\u017eadovan\u00fdch dokument\u016f, vysv\u011btlen\u00ed sou\u010dasn\u00fdch \u010dinnost\u00ed spole\u010dnosti a v n\u011bkter\u00fdch p\u0159\u00edpadech i budouc\u00edch pl\u00e1n\u016f).<\/li>\n<\/ul>\n<p>Z\u00e1sadn\u00ed je pochopit, \u017ee i mal\u00e1 chyba p\u0159i realizaci v\u00fd\u0161e uveden\u00fdch bod\u016f m\u016f\u017ee v\u00e9st nejen k zam\u00edtnut\u00ed \u017e\u00e1dosti, ale m\u016f\u017ee tak\u00e9 vzbudit dodate\u010dn\u00e9 podez\u0159en\u00ed ze strany finan\u010dn\u00edho \u00fa\u0159adu, co\u017e pravd\u011bpodobn\u011b povede k n\u00e1sleduj\u00edc\u00edm kontrol\u00e1m a jin\u00fdm nep\u0159\u00edjemn\u00fdm d\u016fsledk\u016fm.<\/p>\n<p>&nbsp;<\/p>\n<p>Proto doporu\u010dujeme, abyste sv\u011b\u0159ili tento druh komunikace a pod\u00e1n\u00ed \u017e\u00e1dost\u00ed specialist\u016fm z Financial Chain Corporation. Jedn\u00edm z d\u016fle\u017eit\u00fdch d\u016fvod\u016f, pro\u010d n\u00e1s kontaktovat, je to, \u017ee se m\u016f\u017eeme sezn\u00e1mit s ukazateli v\u00fdkonu va\u0161\u00ed spole\u010dnosti a pot\u00e9 v\u00e1m m\u016f\u017eeme vybrat spr\u00e1vn\u00fd status a co nejv\u00edce optimalizovat da\u0148ov\u00e9 n\u00e1klady. To v\u00e1m dovol\u00ed nejenom se vyhnout p\u0159\u00edpadn\u00fdm pot\u00ed\u017e\u00edm, ale tak\u00e9 nasm\u011brovat finan\u010dn\u00ed prost\u0159edky na rozvoj samotn\u00e9ho podnik\u00e1n\u00ed nebo k pokryt\u00ed n\u00e1klad\u016f.[\/vc_column_text][\/vc_column][\/vc_row]<\/p>\n<\/div>","protected":false},"excerpt":{"rendered":"<p>[vc_row content_placement=&#8220;middle&#8220; css_animation=&#8220;fadeInUp&#8220;][vc_column width=&#8220;1\/2&#8243;][vc_column_text] Podnikatel\u00e9 jsou zaps\u00e1ni do registru pl\u00e1tc\u016f DPH ve dvou p\u0159\u00edpadech: dobrovoln\u011b (pokud je obrat spole\u010dnosti ni\u017e\u0161\u00ed ne\u017e 1 milion \u010desk\u00fdch korun za rok, ale sou\u010dasn\u011b je ekonomicky od\u016fvodn\u011bn\u00e9 z\u00edskat toto postaven\u00ed) povinn\u011b (po dosa\u017een\u00ed minim\u00e1ln\u00edho obratu 1 milion \u010desk\u00fdch korun za 12 po sob\u011b n\u00e1sleduj\u00edc\u00edch m\u011bs\u00edc\u016f). A co identifikovan\u00e1 osoba? Spole\u010dnost<\/p>\n","protected":false},"author":3,"featured_media":19699,"parent":0,"menu_order":0,"comment_status":"closed","ping_status":"closed","template":"","meta":{"_acf_changed":false,"footnotes":""},"class_list":["post-20063","page","type-page","status-publish","hentry"],"acf":[],"yoast_head":"<!-- This site is optimized with the Yoast SEO plugin v27.3 - https:\/\/yoast.com\/product\/yoast-seo-wordpress\/ -->\n<title>Registrace jako pl\u00e1tce DPH \/identifikovan\u00e1 osoba - FCHAIN<\/title>\n<meta name=\"description\" content=\"Registrace jako pl\u00e1tce DPH \/identifikovan\u00e1 osobaPodnikatel\u00e9 jsou zaps\u00e1ni do registru pl\u00e1tc\u016f DPH ve dvou p\u0159\u00edpadech:\" \/>\n<meta name=\"robots\" content=\"index, follow, max-snippet:-1, max-image-preview:large, max-video-preview:-1\" \/>\n<link rel=\"canonical\" href=\"https:\/\/cz.f-chain.com\/identified-person\/\" \/>\n<meta property=\"og:locale\" content=\"cs_CZ\" \/>\n<meta property=\"og:type\" content=\"article\" \/>\n<meta property=\"og:title\" content=\"Registrace jako pl\u00e1tce DPH \/identifikovan\u00e1 osoba - FCHAIN\" \/>\n<meta property=\"og:description\" content=\"Registrace jako pl\u00e1tce DPH \/identifikovan\u00e1 osobaPodnikatel\u00e9 jsou zaps\u00e1ni do registru pl\u00e1tc\u016f DPH ve dvou p\u0159\u00edpadech:\" \/>\n<meta property=\"og:url\" content=\"https:\/\/cz.f-chain.com\/identified-person\/\" \/>\n<meta property=\"og:site_name\" content=\"FCHAIN\" \/>\n<meta property=\"article:modified_time\" content=\"2021-06-08T11:19:57+00:00\" \/>\n<meta property=\"og:image\" content=\"https:\/\/cz.f-chain.com\/wp-content\/uploads\/2021\/05\/fchain_stock_108-scaled.jpg\" \/>\n\t<meta property=\"og:image:width\" content=\"2560\" \/>\n\t<meta property=\"og:image:height\" content=\"853\" \/>\n\t<meta property=\"og:image:type\" content=\"image\/jpeg\" \/>\n<meta name=\"twitter:card\" content=\"summary_large_image\" \/>\n<meta name=\"twitter:label1\" content=\"Odhadovan\u00e1 doba \u010dten\u00ed\" \/>\n\t<meta name=\"twitter:data1\" content=\"2 minuty\" \/>\n<script type=\"application\/ld+json\" class=\"yoast-schema-graph\">{\"@context\":\"https:\\\/\\\/schema.org\",\"@graph\":[{\"@type\":\"WebPage\",\"@id\":\"https:\\\/\\\/cz.f-chain.com\\\/identified-person\\\/\",\"url\":\"https:\\\/\\\/cz.f-chain.com\\\/identified-person\\\/\",\"name\":\"Registrace jako pl\u00e1tce DPH \\\/identifikovan\u00e1 osoba - FCHAIN\",\"isPartOf\":{\"@id\":\"https:\\\/\\\/cz.f-chain.com\\\/#website\"},\"primaryImageOfPage\":{\"@id\":\"https:\\\/\\\/cz.f-chain.com\\\/identified-person\\\/#primaryimage\"},\"image\":{\"@id\":\"https:\\\/\\\/cz.f-chain.com\\\/identified-person\\\/#primaryimage\"},\"thumbnailUrl\":\"https:\\\/\\\/cz.f-chain.com\\\/wp-content\\\/uploads\\\/2021\\\/05\\\/fchain_stock_108-scaled.jpg\",\"datePublished\":\"2021-06-08T08:28:53+00:00\",\"dateModified\":\"2021-06-08T11:19:57+00:00\",\"description\":\"Registrace jako pl\u00e1tce DPH \\\/identifikovan\u00e1 osobaPodnikatel\u00e9 jsou zaps\u00e1ni do registru pl\u00e1tc\u016f DPH ve dvou p\u0159\u00edpadech:\",\"breadcrumb\":{\"@id\":\"https:\\\/\\\/cz.f-chain.com\\\/identified-person\\\/#breadcrumb\"},\"inLanguage\":\"cs\",\"potentialAction\":[{\"@type\":\"ReadAction\",\"target\":[\"https:\\\/\\\/cz.f-chain.com\\\/identified-person\\\/\"]}]},{\"@type\":\"ImageObject\",\"inLanguage\":\"cs\",\"@id\":\"https:\\\/\\\/cz.f-chain.com\\\/identified-person\\\/#primaryimage\",\"url\":\"https:\\\/\\\/cz.f-chain.com\\\/wp-content\\\/uploads\\\/2021\\\/05\\\/fchain_stock_108-scaled.jpg\",\"contentUrl\":\"https:\\\/\\\/cz.f-chain.com\\\/wp-content\\\/uploads\\\/2021\\\/05\\\/fchain_stock_108-scaled.jpg\",\"width\":2560,\"height\":853,\"caption\":\"Businesspeople in a business conference\"},{\"@type\":\"BreadcrumbList\",\"@id\":\"https:\\\/\\\/cz.f-chain.com\\\/identified-person\\\/#breadcrumb\",\"itemListElement\":[{\"@type\":\"ListItem\",\"position\":1,\"name\":\"Home\",\"item\":\"https:\\\/\\\/cz.f-chain.com\\\/cs\\\/\"},{\"@type\":\"ListItem\",\"position\":2,\"name\":\"Registrace jako pl\u00e1tce DPH \\\/identifikovan\u00e1 osoba\"}]},{\"@type\":\"WebSite\",\"@id\":\"https:\\\/\\\/cz.f-chain.com\\\/#website\",\"url\":\"https:\\\/\\\/cz.f-chain.com\\\/\",\"name\":\"FCHAIN\",\"description\":\"Financial Chain Corporation in Czech Republic\",\"potentialAction\":[{\"@type\":\"SearchAction\",\"target\":{\"@type\":\"EntryPoint\",\"urlTemplate\":\"https:\\\/\\\/cz.f-chain.com\\\/?s={search_term_string}\"},\"query-input\":{\"@type\":\"PropertyValueSpecification\",\"valueRequired\":true,\"valueName\":\"search_term_string\"}}],\"inLanguage\":\"cs\"}]}<\/script>\n<!-- \/ Yoast SEO plugin. -->","yoast_head_json":{"title":"Registrace jako pl\u00e1tce DPH \/identifikovan\u00e1 osoba - FCHAIN","description":"Registrace jako pl\u00e1tce DPH \/identifikovan\u00e1 osobaPodnikatel\u00e9 jsou zaps\u00e1ni do registru pl\u00e1tc\u016f DPH ve dvou p\u0159\u00edpadech:","robots":{"index":"index","follow":"follow","max-snippet":"max-snippet:-1","max-image-preview":"max-image-preview:large","max-video-preview":"max-video-preview:-1"},"canonical":"https:\/\/cz.f-chain.com\/identified-person\/","og_locale":"cs_CZ","og_type":"article","og_title":"Registrace jako pl\u00e1tce DPH \/identifikovan\u00e1 osoba - FCHAIN","og_description":"Registrace jako pl\u00e1tce DPH \/identifikovan\u00e1 osobaPodnikatel\u00e9 jsou zaps\u00e1ni do registru pl\u00e1tc\u016f DPH ve dvou p\u0159\u00edpadech:","og_url":"https:\/\/cz.f-chain.com\/identified-person\/","og_site_name":"FCHAIN","article_modified_time":"2021-06-08T11:19:57+00:00","og_image":[{"width":2560,"height":853,"url":"https:\/\/cz.f-chain.com\/wp-content\/uploads\/2021\/05\/fchain_stock_108-scaled.jpg","type":"image\/jpeg"}],"twitter_card":"summary_large_image","twitter_misc":{"Odhadovan\u00e1 doba \u010dten\u00ed":"2 minuty"},"schema":{"@context":"https:\/\/schema.org","@graph":[{"@type":"WebPage","@id":"https:\/\/cz.f-chain.com\/identified-person\/","url":"https:\/\/cz.f-chain.com\/identified-person\/","name":"Registrace jako pl\u00e1tce DPH \/identifikovan\u00e1 osoba - FCHAIN","isPartOf":{"@id":"https:\/\/cz.f-chain.com\/#website"},"primaryImageOfPage":{"@id":"https:\/\/cz.f-chain.com\/identified-person\/#primaryimage"},"image":{"@id":"https:\/\/cz.f-chain.com\/identified-person\/#primaryimage"},"thumbnailUrl":"https:\/\/cz.f-chain.com\/wp-content\/uploads\/2021\/05\/fchain_stock_108-scaled.jpg","datePublished":"2021-06-08T08:28:53+00:00","dateModified":"2021-06-08T11:19:57+00:00","description":"Registrace jako pl\u00e1tce DPH \/identifikovan\u00e1 osobaPodnikatel\u00e9 jsou zaps\u00e1ni do registru pl\u00e1tc\u016f DPH ve dvou p\u0159\u00edpadech:","breadcrumb":{"@id":"https:\/\/cz.f-chain.com\/identified-person\/#breadcrumb"},"inLanguage":"cs","potentialAction":[{"@type":"ReadAction","target":["https:\/\/cz.f-chain.com\/identified-person\/"]}]},{"@type":"ImageObject","inLanguage":"cs","@id":"https:\/\/cz.f-chain.com\/identified-person\/#primaryimage","url":"https:\/\/cz.f-chain.com\/wp-content\/uploads\/2021\/05\/fchain_stock_108-scaled.jpg","contentUrl":"https:\/\/cz.f-chain.com\/wp-content\/uploads\/2021\/05\/fchain_stock_108-scaled.jpg","width":2560,"height":853,"caption":"Businesspeople in a business conference"},{"@type":"BreadcrumbList","@id":"https:\/\/cz.f-chain.com\/identified-person\/#breadcrumb","itemListElement":[{"@type":"ListItem","position":1,"name":"Home","item":"https:\/\/cz.f-chain.com\/cs\/"},{"@type":"ListItem","position":2,"name":"Registrace jako pl\u00e1tce DPH \/identifikovan\u00e1 osoba"}]},{"@type":"WebSite","@id":"https:\/\/cz.f-chain.com\/#website","url":"https:\/\/cz.f-chain.com\/","name":"FCHAIN","description":"Financial Chain Corporation in Czech Republic","potentialAction":[{"@type":"SearchAction","target":{"@type":"EntryPoint","urlTemplate":"https:\/\/cz.f-chain.com\/?s={search_term_string}"},"query-input":{"@type":"PropertyValueSpecification","valueRequired":true,"valueName":"search_term_string"}}],"inLanguage":"cs"}]}},"_links":{"self":[{"href":"https:\/\/cz.f-chain.com\/cs\/wp-json\/wp\/v2\/pages\/20063","targetHints":{"allow":["GET"]}}],"collection":[{"href":"https:\/\/cz.f-chain.com\/cs\/wp-json\/wp\/v2\/pages"}],"about":[{"href":"https:\/\/cz.f-chain.com\/cs\/wp-json\/wp\/v2\/types\/page"}],"author":[{"embeddable":true,"href":"https:\/\/cz.f-chain.com\/cs\/wp-json\/wp\/v2\/users\/3"}],"replies":[{"embeddable":true,"href":"https:\/\/cz.f-chain.com\/cs\/wp-json\/wp\/v2\/comments?post=20063"}],"version-history":[{"count":7,"href":"https:\/\/cz.f-chain.com\/cs\/wp-json\/wp\/v2\/pages\/20063\/revisions"}],"predecessor-version":[{"id":20073,"href":"https:\/\/cz.f-chain.com\/cs\/wp-json\/wp\/v2\/pages\/20063\/revisions\/20073"}],"wp:featuredmedia":[{"embeddable":true,"href":"https:\/\/cz.f-chain.com\/cs\/wp-json\/wp\/v2\/media\/19699"}],"wp:attachment":[{"href":"https:\/\/cz.f-chain.com\/cs\/wp-json\/wp\/v2\/media?parent=20063"}],"curies":[{"name":"wp","href":"https:\/\/api.w.org\/{rel}","templated":true}]}}