{"id":19018,"date":"2020-03-10T16:46:13","date_gmt":"2020-03-10T12:46:13","guid":{"rendered":"https:\/\/cz.f-chain.com\/?page_id=19018"},"modified":"2022-12-08T06:50:32","modified_gmt":"2022-12-08T06:50:32","slug":"prohlaseni-o-zpracovani-osobnich-udaju","status":"publish","type":"page","link":"https:\/\/cz.f-chain.com\/cs\/prohlaseni-o-zpracovani-osobnich-udaju\/","title":{"rendered":"Prohl\u00e1\u0161en\u00ed o zpracov\u00e1n\u00ed osobn\u00edch \u00fadaj\u016f"},"content":{"rendered":"<div class=\"wpb-content-wrapper\"><p>[vc_row][vc_column][vc_column_text]<\/p>\n<h1>Prohl\u00e1\u0161en\u00ed o zpracov\u00e1n\u00ed osobn\u00edch \u00fadaj\u016f<\/h1>\n<p>Prohl\u00e1\u0161en\u00ed zpracov\u00e1n\u00ed osobn\u00edch \u00fadaj\u016f dle na\u0159\u00edzen\u00ed Evropsk\u00e9hparlamentu a Rady (EU) 2016\/679 ochran\u011b fyzick\u00fdch<br \/>\nosob v souvislosti se zpracov\u00e1n\u00edm osobn\u00edch \u00fadaj\u016f a pou\u010den\u00ed subjekt\u016f \u00fadaj\u016f (d\u00e1le jen &#8222;GDPR&#8220;)<\/p>\n<ol type=\"I\">\n<li>\u00davod<\/li>\n<\/ol>\n<p>Totprolastn\u00edk O\u00dahl\u00e1\u0161en\u00ed je zpracov\u00e1na zve\u0159ejn\u011bnz d\u016fvod\u016f poskytnut\u00ed informace postupech a z\u00e1vazc\u00edch na\u0161\u00ed spole\u010dnosti v oblasti aplikace po\u017eadavk\u016f na\u0159\u00edzen\u00ed GDPR. V dal\u0161\u00edm textu jsou pou\u017eity:<\/p>\n<ul>\n<li>O\u00da = osobn\u00ed \u00fadaj, tedy v\u0161echny informace vedouc\u00ed k identifikaci konkr\u00e9tn\u00ed osoby<\/li>\n<li>V\u00a0\u2013 subjekt, kter\u00fd je dr\u017eitelem osobn\u00edch \u00fadaj\u016f, kter\u00e9 jsou na\u0161\u00ed firmou dr\u017eeny a zpracov\u00e1v\u00e1ny<\/li>\n<li>Spr\u00e1vce \u2013 na\u0161e spole\u010dnost, kter\u00e1 Va\u0161e O\u00da eviduje, zpracov\u00e1v\u00e1, archivuje a chr\u00e1n\u00ed<\/li>\n<\/ul>\n<ol start=\"2\" type=\"I\">\n<li>Rozsah zpracov\u00e1n\u00ed osobn\u00edch \u00fadaj\u016f<\/li>\n<\/ol>\n<p>Osobn\u00ed \u00fadaje jsou zpracov\u00e1v\u00e1ny v rozsahu, v jak\u00e9m je p\u0159\u00edslu\u0161n\u00fd subjekt \u00fadaj\u016f spr\u00e1vci poskytl, a tv souvislosti a na z\u00e1klad\u011b svobodn\u00e9hrozhodnut\u00ed v okam\u017eiku nav\u00e1z\u00e1n\u00ed vztahu nebregistrace a d\u00e1le v r\u00e1mci smluvn\u00edh\u010di jin\u00e9hpr\u00e1vn\u00edhvztahu se spr\u00e1vcem, nebkter\u00e9 spr\u00e1vce shrom\u00e1\u017edil jinak a zpracov\u00e1v\u00e1 je v souladu s platn\u00fdmi pr\u00e1vn\u00edmi p\u0159edpisy \u010di k pln\u011bn\u00ed z\u00e1konn\u00fdch povinnost\u00ed spr\u00e1vce.<\/p>\n<ol start=\"3\" type=\"I\">\n<li>Zdroje osobn\u00edch \u00fadaj\u016f<\/li>\n<\/ol>\n<p>Osobn\u00ed \u00fadaje z\u00edsk\u00e1v\u00e1me od vlastn\u00edk\u016f O\u00da (obchodn\u00ed komunikace, n\u00e1kupy, dod\u00e1vky produkt\u016f a slu\u017eeb, kontaktn\u00ed formul\u00e1\u0159 na webu, komunikace ptelefonu, vizitky apod.) Dal\u0161\u00edm zdrojem osobn\u00edch \u00fadaj\u016f jsou informace nezbytn\u011b poskytnut\u00e9 z\u00e1jemci pr\u00e1ci a pracovn\u00edky. Pokud jsou osobn\u00ed \u00fadaje z\u00edsk\u00e1v\u00e1ny z ve\u0159ejn\u00fdch zdroj\u016f, jsou vyu\u017eity v\u00fdhradn\u011b prpot\u0159ebu realizace obchodn\u00edhvztahu nebv souladu se z\u00edskan\u00fdm souhlasem od dr\u017eitele osobn\u00edh\u00fadaje.<\/p>\n<ol start=\"4\" type=\"I\">\n<li>Kategorie osobn\u00edch \u00fadaj\u016f, kter\u00e9 jsou p\u0159edm\u011btem zpracov\u00e1n\u00ed<\/li>\n<\/ol>\n<ul>\n<li>Jedn\u00e1 se identifika\u010dn\u00ed \u00fadaje slou\u017e\u00edc\u00ed k jednozna\u010dn\u00e9 a nezam\u011bniteln\u00e9 identifikace vlastn\u00edka O\u00da (jm\u00e9na p\u0159\u00edjmen\u00ed, datum narozen\u00ed, rodn\u00e9 \u010d\u00edslo, adresa trval\u00e9hpobytu apod.)<\/li>\n<li>Popisn\u00e9 \u00fadaje (nap\u0159. bankovn\u00ed spojen\u00ed)<\/li>\n<li>\u00dadaje nezbytn\u00e9 prpln\u011bn\u00ed smlouvy (email, telefon, adresa pracovi\u0161t\u011b, funkce) a dal\u0161\u00ed<\/li>\n<li>\u00dadaje poskytnut\u00e9 nad r\u00e1mec p\u0159\u00edslu\u0161n\u00fdch z\u00e1kon\u016f a legislativn\u00edch na\u0159\u00edzen\u00ed, zpracov\u00e1van\u00e9 v r\u00e1mci ud\u011blen\u00e9hsouhlasu ze strany vlastn\u00edka O\u00da<\/li>\n<\/ul>\n<ol start=\"5\" type=\"I\">\n<li>Kategorie vlastn\u00edk\u016f O\u00da \u00fadaj\u016f<\/li>\n<\/ol>\n<p>Jedn\u00e1 se zejm\u00e9na o:<\/p>\n<ul>\n<li>Z\u00e1kazn\u00edky<\/li>\n<li>Z\u00e1kazn\u00edky z\u00e1kazn\u00edk\u016f<\/li>\n<li>Zam\u011bstnance a pracovn\u00edk\u016f na dohody mimopracovn\u00ed \u010dinnosti a z\u00e1jemce pr\u00e1ci<\/li>\n<li>Vlastn\u00edky osobn\u00edch \u00fadaj\u016f dodavatel\u016f a partner\u016f poskytuj\u00edc\u00ed slu\u017eby pot\u0159ebn\u00e9 prprovoz na\u0161\u00ed firmy<\/li>\n<li>Jin\u00e9 osoby, kter\u00e9 jsou ve smluvn\u00edm vztahu ke spr\u00e1vci O\u00da<\/li>\n<\/ul>\n<ol start=\"6\" type=\"I\">\n<li>Kategorie p\u0159\u00edjemc\u016f osobn\u00edch \u00fadaj\u016f<\/li>\n<\/ol>\n<ul>\n<li>St\u00e1tn\u00ed a jin\u00e9 org\u00e1ny v r\u00e1mci pln\u011bn\u00ed z\u00e1konn\u00fdch povinnost\u00ed stanoven\u00fdch p\u0159\u00edslu\u0161n\u00fdmi pr\u00e1vn\u00edmi p\u0159edpisy<\/li>\n<li>Finan\u010dn\u00ed \u00fastavy a organizace ve\u0159ejn\u00e9 zpr\u00e1vy<\/li>\n<li>T\u0159et\u00ed osoby a organizace na z\u00e1klad\u011b ud\u011blen\u00e9hsouhlasu vlastn\u00edka OU<\/li>\n<li>Na\u0161e spole\u010dnost jakspr\u00e1vce OU<\/li>\n<\/ul>\n<ol start=\"7\" type=\"I\">\n<li>\u00da\u010del zpracov\u00e1n\u00ed osobn\u00edch \u00fadaj\u016f<\/li>\n<\/ol>\n<ul>\n<li>\u00da\u010dely obsa\u017een\u00e9 v r\u00e1mci souhlasu subjektu \u00fadaj\u016f<\/li>\n<li>Jedn\u00e1n\u00ed smluvn\u00edm vztahu<\/li>\n<li>Pln\u011bn\u00ed smlouvy<\/li>\n<li>Ochrana pr\u00e1v spr\u00e1vce, p\u0159\u00edjemce nebjin\u00fdch dot\u010den\u00fdch osob<\/li>\n<li>Archivnictv\u00ed veden\u00e9 na z\u00e1klad\u011b z\u00e1kona<\/li>\n<li>V\u00fdb\u011brov\u00e1 \u0159\u00edzen\u00ed na voln\u00e1 pracovn\u00ed m\u00edsta<\/li>\n<li>Pln\u011bn\u00ed z\u00e1konn\u00fdch povinnost\u00ed ze strany spr\u00e1vce<\/li>\n<li>Ochrana \u017eivotn\u011b d\u016fle\u017eit\u00fdch z\u00e1jm\u016f vlastn\u00edka O\u00da nebdal\u0161\u00edch subjekt\u016f<\/li>\n<\/ul>\n<ol start=\"8\" type=\"I\">\n<li>Zp\u016fsob zpracov\u00e1n\u00ed a ochrany osobn\u00edch \u00fadaj\u016f<\/li>\n<\/ol>\n<p>Zpracov\u00e1n\u00ed osobn\u00edch \u00fadaj\u016f prov\u00e1d\u00ed spr\u00e1vce, kter\u00e1 garantuje, \u017ee budou dodr\u017eeny ve\u0161ker\u00e9 odpov\u011bdnosti p\u0159i zpracov\u00e1n\u00ed O\u00da a pr\u00e1va vlastn\u00edka O\u00da.<\/p>\n<p>Zpracov\u00e1n\u00ed je prov\u00e1d\u011bnv s\u00eddle a na provozovn\u00e1ch spr\u00e1vce. Ke zpracov\u00e1n\u00ed doch\u00e1z\u00ed prost\u0159ednictv\u00edm v\u00fdpo\u010detn\u00ed techniky nebmanu\u00e1ln\u00edm zp\u016fsobem u O\u00da v listinn\u00e9 podob\u011b za dodr\u017een\u00ed v\u0161ech bezpe\u010dnostn\u00edch z\u00e1sad prspr\u00e1vu a zpracov\u00e1n\u00ed osobn\u00edch \u00fadaj\u016f. Za t\u00edmt\u00fa\u010delem p\u0159ijal spr\u00e1vce technickoorganiza\u010dn\u00ed opat\u0159en\u00ed k zaji\u0161t\u011bn\u00ed ochrany O\u00da, zejm\u00e9na opat\u0159en\u00ed proti neopr\u00e1vn\u011bn\u00e9mu nebnahodil\u00e9mu p\u0159\u00edstupu k O\u00da, jejich zm\u011bn\u011b, zni\u010den\u00ed \u010di ztr\u00e1t\u011b, neopr\u00e1vn\u011bn\u00e9mu pou\u017eit\u00ed nebp\u0159enosu O\u00da nebjin\u00e9mu zneu\u017eit\u00ed O\u00da. Ve\u0161ker\u00e9 subjekty, kter\u00fdm mohou b\u00fdt O\u00da zp\u0159\u00edstupn\u011bny, respektuj\u00ed pr\u00e1vvlastn\u00edka O\u00da na ochranu soukrom\u00ed a jsou povinny postupovat podle platn\u00fdch pr\u00e1vn\u00edch p\u0159edpis\u016f t\u00fdkaj\u00edc\u00edch se ochrany O\u00da.<\/p>\n<ol start=\"9\" type=\"I\">\n<li>Doba zpracov\u00e1n\u00ed osobn\u00edch \u00fadaj\u016f<\/li>\n<\/ol>\n<p>V souladu s lh\u016ftami uveden\u00fdmi v p\u0159\u00edslu\u0161n\u00fdch smlouv\u00e1ch, ve spisov\u00e9m a skarta\u010dn\u00edm \u0159\u00e1du spr\u00e1vce \u010di p\u0159\u00edslu\u0161n\u00fdch pr\u00e1vn\u00edch p\u0159edpisech jde dobu nezbytn\u011b nutnou k zaji\u0161t\u011bn\u00ed pr\u00e1v a povinnost\u00ed plynouc\u00edch jak ze z\u00e1vazkov\u00e9hvtahu a p\u0159\u00edslu\u0161n\u00fdch pr\u00e1vn\u00edch p\u0159edpis\u016f.<\/p>\n<ol start=\"10\" type=\"I\">\n<li>Pou\u010den\u00ed<\/li>\n<\/ol>\n<ul>\n<li>St\u00e1tn\u00ed a jin\u00e9 org\u00e1ny v r\u00e1mci pln\u011bn\u00ed z\u00e1konn\u00fdch povinnost\u00ed stanoven\u00fdch p\u0159\u00edslu\u0161n\u00fdmi pr\u00e1vn\u00edmi p\u0159edpisy<\/li>\n<li>Finan\u010dn\u00ed \u00fastavy a organizace ve\u0159ejn\u00e9 zpr\u00e1vy<\/li>\n<li>T\u0159et\u00ed osoby a organizace na z\u00e1klad\u011b ud\u011blen\u00e9hsouhlasu vlastn\u00edka OU<\/li>\n<li>Na\u0161e spole\u010dnost jakspr\u00e1vce OU<\/li>\n<\/ul>\n<ol start=\"11\" type=\"I\">\n<li>\u00da\u010del zpracov\u00e1n\u00ed osobn\u00edch \u00fadaj\u016f<\/li>\n<\/ol>\n<p>Spr\u00e1vce zpracov\u00e1v\u00e1 \u00fadaje se souhlasem vlastn\u00edka O\u00da s v\u00fdjimkou z\u00e1konem stanoven\u00fdch p\u0159\u00edpad\u016f, kdy zpracov\u00e1n\u00ed osobn\u00edch \u00fadaj\u016f nevy\u017eaduje souhlas vlastn\u00edka O\u00da.<br \/>\nV souladu se \u010dl\u00e1nkem 6.odst.1 GDPR m\u016f\u017ee spr\u00e1vce bez souhlasu vlastn\u00edka O\u00da \u00fadaje zpracov\u00e1vat pokud:<\/p>\n<ul>\n<li>Zpracov\u00e1n\u00ed je nezbytn\u00e9 prpln\u011bn\u00ed smlouvy, jej\u00ed\u017e smluvn\u00ed stranou je vlastn\u00edk O\u00da, nebprproveden\u00ed opat\u0159en\u00ed p\u0159ijat\u00fdch p\u0159ed uzav\u0159en\u00edm smlouvy na \u017e\u00e1dost tohotvlastn\u00edka O\u00da.<\/li>\n<li>Zpracov\u00e1n\u00ed je nezbytn\u00e9 prspln\u011bn\u00ed pr\u00e1vn\u00ed povinnosti, kter\u00e1 se na spr\u00e1vce vztahuje<\/li>\n<li>Zpracov\u00e1n\u00ed je nezbytn\u00e9 prochranu \u017eivotn\u011b d\u016fle\u017eit\u00fdch z\u00e1jm\u016f vlastn\u00edka O\u00da nebjin\u00e9 fyzick\u00e9 osoby<\/li>\n<li>Zpracov\u00e1n\u00ed je nezbytn\u00e9 prspln\u011bn\u00ed \u00fakolu prov\u00e1d\u011bn\u00e9hve ve\u0159ejn\u00e9m z\u00e1jmu nebp\u0159i v\u00fdkonu ve\u0159ejn\u00e9 moci, kter\u00fdm je pov\u011b\u0159en spr\u00e1vce<\/li>\n<li>Zpracov\u00e1n\u00ed je nezbytn\u00e9 pr\u00fa\u010dely opr\u00e1vn\u011bn\u00fdch z\u00e1jm\u016f p\u0159\u00edslu\u0161n\u00e9hspr\u00e1vce \u010di t\u0159et\u00ed strany, krom\u011b p\u0159\u00edpad\u016f, kdy p\u0159ed t\u011bmitz\u00e1jmy maj\u00ed p\u0159ednost z\u00e1jmy nebz\u00e1kladn\u00ed pr\u00e1va a svobody vlastn\u00edka O\u00da vy\u017eaduj\u00edc\u00ed ochranu osobn\u00edch \u00fadaj\u016f.<br \/>\nV ostatn\u00edch p\u0159\u00edpadech je ke zpracov\u00e1n\u00ed O\u00da pot\u0159ebn\u00fd souhlas vlastn\u00edka O\u00da ud\u011blen\u00fd za podm\u00ednek GDPR.<\/li>\n<\/ul>\n<ol start=\"12\" type=\"I\">\n<li>Pr\u00e1va subjektu \u00fadaj\u016f<\/li>\n<\/ol>\n<ul>\n<li>V souladu se \u010dl\u00e1nkem 12 GDPR informuje spr\u00e1vce na \u017e\u00e1dost vlastn\u00edka O\u00da subjekt pr\u00e1vu na p\u0159\u00edstup k osobn\u00edm \u00fadaj\u016fm a k n\u00e1sleduj\u00edc\u00edm informac\u00edm:\n<ul>\n<li>\u00da\u010del zpracov\u00e1n\u00ed O\u00da<\/li>\n<li>Kategorii dot\u010den\u00fdch osobn\u00edch \u00fadaj\u016f<\/li>\n<li>P\u0159\u00edjemci nebkategorie p\u0159\u00edjemc\u016f, kter\u00fdm byly O\u00da zp\u0159\u00edstupn\u011bny<\/li>\n<li>Pl\u00e1novan\u00e9 dob\u011b, pkterou budou osobn\u00ed \u00fadaje ulo\u017eeny,<\/li>\n<li>Ve\u0161ker\u00e9 dostupn\u00e9 informace zdroji osobn\u00edch \u00fadaj\u016f<\/li>\n<li>tom, zda doch\u00e1z\u00ed k automatizovan\u00e9mu rozhodov\u00e1n\u00ed, v\u010detn\u011b profilov\u00e1n\u00ed O\u00da<\/li>\n<\/ul>\n<\/li>\n<li>Ka\u017ed\u00fd vlastn\u00edk O\u00da, kter\u00fd zjist\u00ed nebse domn\u00edv\u00e1, \u017ee spr\u00e1vce prov\u00e1d\u00ed zpracov\u00e1n\u00ed jehO\u00da, kter\u00e9 je v rozporu s ochranou osobn\u00edha osobn\u00edh\u017eivota vlastn\u00edka O\u00da nebv rozporu se z\u00e1konem zejm\u00e9na jsou-li osobn\u00ed \u00fadaje nep\u0159esn\u00e9 s ohledem na \u00fa\u010del jejich zpracov\u00e1n\u00ed, m\u016f\u017ee:<\/li>\n<li>Po\u017eadovat, aby spr\u00e1vce odstranil taktvznikl\u00fd stav. Zejm\u00e9na se m\u016f\u017ee jednat blokov\u00e1n\u00ed, proveden\u00ed opravy, dopln\u011bn\u00ed nebv\u00fdmaz (zapomenut\u00ed) osobn\u00edch \u00fadaj\u016f.<\/li>\n<li>Je-li \u017e\u00e1dost vlastn\u00edka O\u00da podle odstavce 1 t\u00e9tkapitoly, shled\u00e1na opr\u00e1vn\u011bnou, spr\u00e1vce odstran\u00ed neprodlen\u011b z\u00e1vadn\u00fd stav.<\/li>\n<li>Nevyhov\u00ed-li spr\u00e1vce \u017e\u00e1dosti subjektu \u00fadaj\u016f podle odstavce 1, m\u00e1 vlastn\u00edk O\u00da pr\u00e1vse obr\u00e1tit p\u0159\u00edmna dozorov\u00fd \u00fa\u0159ad, Tedy \u00da\u0159ad prochranu osobn\u00edch \u00fadaj\u016f (\u00daOO\u00da)<\/li>\n<li>Postup podle odstavce 1 nevylu\u010duje, aby se vlastn\u00edk O\u00da obr\u00e1til se sv\u00fdm podn\u011btem na dozorov\u00fd \u00fa\u0159ad p\u0159\u00edmo.<\/li>\n<li>Spr\u00e1vce m\u00e1 pr\u00e1vza poskytnut\u00ed informace po\u017eadovat p\u0159im\u011b\u0159enou \u00fahradu nep\u0159evy\u0161uj\u00edc\u00ed n\u00e1klady nezbytn\u00e9 na poskytnut\u00ed informace.<\/li>\n<\/ul>\n<p>[\/vc_column_text][\/vc_column][\/vc_row]<\/p>\n<\/div>","protected":false},"excerpt":{"rendered":"<p>[vc_row][vc_column][vc_column_text] Prohl\u00e1\u0161en\u00ed o zpracov\u00e1n\u00ed osobn\u00edch \u00fadaj\u016f Prohl\u00e1\u0161en\u00ed zpracov\u00e1n\u00ed osobn\u00edch \u00fadaj\u016f dle na\u0159\u00edzen\u00ed Evropsk\u00e9hparlamentu a Rady (EU) 2016\/679 ochran\u011b fyzick\u00fdch osob v souvislosti se zpracov\u00e1n\u00edm osobn\u00edch \u00fadaj\u016f a pou\u010den\u00ed subjekt\u016f \u00fadaj\u016f (d\u00e1le jen &#8222;GDPR&#8220;) \u00davod Totprolastn\u00edk O\u00dahl\u00e1\u0161en\u00ed je zpracov\u00e1na zve\u0159ejn\u011bnz d\u016fvod\u016f poskytnut\u00ed informace postupech a z\u00e1vazc\u00edch na\u0161\u00ed spole\u010dnosti v oblasti aplikace po\u017eadavk\u016f na\u0159\u00edzen\u00ed GDPR. V dal\u0161\u00edm<\/p>\n","protected":false},"author":1,"featured_media":0,"parent":0,"menu_order":0,"comment_status":"closed","ping_status":"closed","template":"","meta":{"_acf_changed":false,"footnotes":""},"class_list":["post-19018","page","type-page","status-publish","hentry"],"acf":[],"yoast_head":"<!-- This site is optimized with the Yoast SEO plugin v27.3 - https:\/\/yoast.com\/product\/yoast-seo-wordpress\/ -->\n<title>Prohl\u00e1\u0161en\u00ed o zpracov\u00e1n\u00ed osobn\u00edch \u00fadaj\u016f<\/title>\n<meta name=\"robots\" content=\"index, follow, max-snippet:-1, max-image-preview:large, max-video-preview:-1\" \/>\n<link rel=\"canonical\" href=\"https:\/\/cz.f-chain.com\/statement-on-the-processing-of-personal-data\/\" \/>\n<meta property=\"og:locale\" content=\"cs_CZ\" \/>\n<meta property=\"og:type\" content=\"article\" \/>\n<meta property=\"og:title\" content=\"Prohl\u00e1\u0161en\u00ed o zpracov\u00e1n\u00ed osobn\u00edch \u00fadaj\u016f\" \/>\n<meta property=\"og:description\" content=\"[vc_row][vc_column][vc_column_text] Prohl\u00e1\u0161en\u00ed o zpracov\u00e1n\u00ed osobn\u00edch \u00fadaj\u016f Prohl\u00e1\u0161en\u00ed zpracov\u00e1n\u00ed osobn\u00edch \u00fadaj\u016f dle na\u0159\u00edzen\u00ed Evropsk\u00e9hparlamentu a Rady (EU) 2016\/679 ochran\u011b fyzick\u00fdch osob v souvislosti se zpracov\u00e1n\u00edm osobn\u00edch \u00fadaj\u016f a pou\u010den\u00ed subjekt\u016f \u00fadaj\u016f (d\u00e1le jen &#8222;GDPR&#8220;) \u00davod Totprolastn\u00edk O\u00dahl\u00e1\u0161en\u00ed je zpracov\u00e1na zve\u0159ejn\u011bnz d\u016fvod\u016f poskytnut\u00ed informace postupech a z\u00e1vazc\u00edch na\u0161\u00ed spole\u010dnosti v oblasti aplikace po\u017eadavk\u016f na\u0159\u00edzen\u00ed GDPR. V dal\u0161\u00edm\" \/>\n<meta property=\"og:url\" content=\"https:\/\/cz.f-chain.com\/statement-on-the-processing-of-personal-data\/\" \/>\n<meta property=\"og:site_name\" content=\"FCHAIN\" \/>\n<meta property=\"article:modified_time\" content=\"2022-12-08T06:50:32+00:00\" \/>\n<meta name=\"twitter:card\" content=\"summary_large_image\" \/>\n<meta name=\"twitter:label1\" content=\"Odhadovan\u00e1 doba \u010dten\u00ed\" \/>\n\t<meta name=\"twitter:data1\" content=\"4 minuty\" \/>\n<script type=\"application\/ld+json\" class=\"yoast-schema-graph\">{\"@context\":\"https:\\\/\\\/schema.org\",\"@graph\":[{\"@type\":\"WebPage\",\"@id\":\"https:\\\/\\\/cz.f-chain.com\\\/statement-on-the-processing-of-personal-data\\\/\",\"url\":\"https:\\\/\\\/cz.f-chain.com\\\/statement-on-the-processing-of-personal-data\\\/\",\"name\":\"Prohl\u00e1\u0161en\u00ed o zpracov\u00e1n\u00ed osobn\u00edch \u00fadaj\u016f\",\"isPartOf\":{\"@id\":\"https:\\\/\\\/cz.f-chain.com\\\/#website\"},\"datePublished\":\"2020-03-10T12:46:13+00:00\",\"dateModified\":\"2022-12-08T06:50:32+00:00\",\"breadcrumb\":{\"@id\":\"https:\\\/\\\/cz.f-chain.com\\\/statement-on-the-processing-of-personal-data\\\/#breadcrumb\"},\"inLanguage\":\"cs\",\"potentialAction\":[{\"@type\":\"ReadAction\",\"target\":[\"https:\\\/\\\/cz.f-chain.com\\\/statement-on-the-processing-of-personal-data\\\/\"]}]},{\"@type\":\"BreadcrumbList\",\"@id\":\"https:\\\/\\\/cz.f-chain.com\\\/statement-on-the-processing-of-personal-data\\\/#breadcrumb\",\"itemListElement\":[{\"@type\":\"ListItem\",\"position\":1,\"name\":\"Home\",\"item\":\"https:\\\/\\\/cz.f-chain.com\\\/cs\\\/\"},{\"@type\":\"ListItem\",\"position\":2,\"name\":\"Prohl\u00e1\u0161en\u00ed o zpracov\u00e1n\u00ed osobn\u00edch \u00fadaj\u016f\"}]},{\"@type\":\"WebSite\",\"@id\":\"https:\\\/\\\/cz.f-chain.com\\\/#website\",\"url\":\"https:\\\/\\\/cz.f-chain.com\\\/\",\"name\":\"FCHAIN\",\"description\":\"Financial Chain Corporation in Czech Republic\",\"potentialAction\":[{\"@type\":\"SearchAction\",\"target\":{\"@type\":\"EntryPoint\",\"urlTemplate\":\"https:\\\/\\\/cz.f-chain.com\\\/?s={search_term_string}\"},\"query-input\":{\"@type\":\"PropertyValueSpecification\",\"valueRequired\":true,\"valueName\":\"search_term_string\"}}],\"inLanguage\":\"cs\"}]}<\/script>\n<!-- \/ Yoast SEO plugin. -->","yoast_head_json":{"title":"Prohl\u00e1\u0161en\u00ed o zpracov\u00e1n\u00ed osobn\u00edch \u00fadaj\u016f","robots":{"index":"index","follow":"follow","max-snippet":"max-snippet:-1","max-image-preview":"max-image-preview:large","max-video-preview":"max-video-preview:-1"},"canonical":"https:\/\/cz.f-chain.com\/statement-on-the-processing-of-personal-data\/","og_locale":"cs_CZ","og_type":"article","og_title":"Prohl\u00e1\u0161en\u00ed o zpracov\u00e1n\u00ed osobn\u00edch \u00fadaj\u016f","og_description":"[vc_row][vc_column][vc_column_text] Prohl\u00e1\u0161en\u00ed o zpracov\u00e1n\u00ed osobn\u00edch \u00fadaj\u016f Prohl\u00e1\u0161en\u00ed zpracov\u00e1n\u00ed osobn\u00edch \u00fadaj\u016f dle na\u0159\u00edzen\u00ed Evropsk\u00e9hparlamentu a Rady (EU) 2016\/679 ochran\u011b fyzick\u00fdch osob v souvislosti se zpracov\u00e1n\u00edm osobn\u00edch \u00fadaj\u016f a pou\u010den\u00ed subjekt\u016f \u00fadaj\u016f (d\u00e1le jen &#8222;GDPR&#8220;) \u00davod Totprolastn\u00edk O\u00dahl\u00e1\u0161en\u00ed je zpracov\u00e1na zve\u0159ejn\u011bnz d\u016fvod\u016f poskytnut\u00ed informace postupech a z\u00e1vazc\u00edch na\u0161\u00ed spole\u010dnosti v oblasti aplikace po\u017eadavk\u016f na\u0159\u00edzen\u00ed GDPR. V dal\u0161\u00edm","og_url":"https:\/\/cz.f-chain.com\/statement-on-the-processing-of-personal-data\/","og_site_name":"FCHAIN","article_modified_time":"2022-12-08T06:50:32+00:00","twitter_card":"summary_large_image","twitter_misc":{"Odhadovan\u00e1 doba \u010dten\u00ed":"4 minuty"},"schema":{"@context":"https:\/\/schema.org","@graph":[{"@type":"WebPage","@id":"https:\/\/cz.f-chain.com\/statement-on-the-processing-of-personal-data\/","url":"https:\/\/cz.f-chain.com\/statement-on-the-processing-of-personal-data\/","name":"Prohl\u00e1\u0161en\u00ed o zpracov\u00e1n\u00ed osobn\u00edch \u00fadaj\u016f","isPartOf":{"@id":"https:\/\/cz.f-chain.com\/#website"},"datePublished":"2020-03-10T12:46:13+00:00","dateModified":"2022-12-08T06:50:32+00:00","breadcrumb":{"@id":"https:\/\/cz.f-chain.com\/statement-on-the-processing-of-personal-data\/#breadcrumb"},"inLanguage":"cs","potentialAction":[{"@type":"ReadAction","target":["https:\/\/cz.f-chain.com\/statement-on-the-processing-of-personal-data\/"]}]},{"@type":"BreadcrumbList","@id":"https:\/\/cz.f-chain.com\/statement-on-the-processing-of-personal-data\/#breadcrumb","itemListElement":[{"@type":"ListItem","position":1,"name":"Home","item":"https:\/\/cz.f-chain.com\/cs\/"},{"@type":"ListItem","position":2,"name":"Prohl\u00e1\u0161en\u00ed o zpracov\u00e1n\u00ed osobn\u00edch \u00fadaj\u016f"}]},{"@type":"WebSite","@id":"https:\/\/cz.f-chain.com\/#website","url":"https:\/\/cz.f-chain.com\/","name":"FCHAIN","description":"Financial Chain Corporation in Czech Republic","potentialAction":[{"@type":"SearchAction","target":{"@type":"EntryPoint","urlTemplate":"https:\/\/cz.f-chain.com\/?s={search_term_string}"},"query-input":{"@type":"PropertyValueSpecification","valueRequired":true,"valueName":"search_term_string"}}],"inLanguage":"cs"}]}},"_links":{"self":[{"href":"https:\/\/cz.f-chain.com\/cs\/wp-json\/wp\/v2\/pages\/19018","targetHints":{"allow":["GET"]}}],"collection":[{"href":"https:\/\/cz.f-chain.com\/cs\/wp-json\/wp\/v2\/pages"}],"about":[{"href":"https:\/\/cz.f-chain.com\/cs\/wp-json\/wp\/v2\/types\/page"}],"author":[{"embeddable":true,"href":"https:\/\/cz.f-chain.com\/cs\/wp-json\/wp\/v2\/users\/1"}],"replies":[{"embeddable":true,"href":"https:\/\/cz.f-chain.com\/cs\/wp-json\/wp\/v2\/comments?post=19018"}],"version-history":[{"count":3,"href":"https:\/\/cz.f-chain.com\/cs\/wp-json\/wp\/v2\/pages\/19018\/revisions"}],"predecessor-version":[{"id":20351,"href":"https:\/\/cz.f-chain.com\/cs\/wp-json\/wp\/v2\/pages\/19018\/revisions\/20351"}],"wp:attachment":[{"href":"https:\/\/cz.f-chain.com\/cs\/wp-json\/wp\/v2\/media?parent=19018"}],"curies":[{"name":"wp","href":"https:\/\/api.w.org\/{rel}","templated":true}]}}