{"id":15254,"date":"2015-06-23T16:52:49","date_gmt":"2015-06-23T11:52:49","guid":{"rendered":"http:\/\/cacs.eu\/?page_id=15254"},"modified":"2022-12-07T13:33:23","modified_gmt":"2022-12-07T13:33:23","slug":"mzdy-a-personalistika","status":"publish","type":"page","link":"https:\/\/cz.f-chain.com\/cs\/mzdy-a-personalistika\/","title":{"rendered":"Mzdy a personalistika"},"content":{"rendered":"<div class=\"wpb-content-wrapper\"><p>[vc_row equal_height=&#8220;yes&#8220; content_placement=&#8220;middle&#8220;][vc_column][vc_column_text]<\/p>\n<h3><strong>V\u00a0r\u00e1mci komplexn\u00ed nab\u00eddky slu\u017eeb, nab\u00edz\u00edme veden\u00ed\u00a0mzdov\u00e9 agendy\u00a0a dal\u0161\u00edch n\u00e1vazn\u00fdch slu\u017eeb v\u00a0oblasti\u00a0personalistiky. <\/strong><\/h3>\n<p>Zaji\u0161\u0165ujeme pro V\u00e1s modern\u00ed formu slu\u017eby extern\u00edho zpracov\u00e1n\u00ed mezd a personalistiky a to komplexn\u011b od samotn\u00e9ho vzniku pracovn\u00edho pom\u011bru, a\u017e po jeho z\u00e1nik.[\/vc_column_text][\/vc_column][\/vc_row][vc_row equal_height=&#8220;yes&#8220; content_placement=&#8220;middle&#8220; css_animation=&#8220;fadeInUp&#8220;][vc_column width=&#8220;1\/2&#8243;][vc_column_text]<\/p>\n<h3>Mzdy a personalistika V\u00e1m zajist\u00ed n\u00e1sleduj\u00edc\u00ed slu\u017eby:<\/h3>\n<ul class=\"ul-gray\">\n<li>Komplexn\u00ed zpracov\u00e1n\u00ed mzdov\u00e9 agendy mal\u00fdch i st\u0159edn\u00edch podnik\u016f.<\/li>\n<li>M\u011bs\u00ed\u010dn\u00ed p\u0159ehledy mezd, osobn\u00ed evidenci, pracovn\u00ed smlouvy, dohody, z\u00e1po\u010dtov\u00e9 listy.<\/li>\n<li>Zpracov\u00e1n\u00ed doch\u00e1zky zam\u011bstnanc\u016f.<\/li>\n<li>V\u00fdplatn\u00ed p\u00e1sky a p\u0159ehledy.<\/li>\n<li>Vystavov\u00e1n\u00ed p\u0159\u00edkaz\u016f k\u00a0\u00fahrad\u011b v\u00a0souvislosti se mzdami, zdravotn\u00edm a soci\u00e1ln\u00edm poji\u0161t\u011bn\u00edm, finan\u010dn\u00edm \u00fa\u0159adem a ostatn\u00edm poji\u0161t\u011bn\u00edm a p\u0159ipoji\u0161t\u011bn\u00edm.<\/li>\n<li>M\u011bs\u00ed\u010dn\u00ed p\u0159ehledy pro zdravotn\u00ed poji\u0161\u0165ovny a spr\u00e1vu soci\u00e1ln\u00edho zabezpe\u010den\u00ed.<\/li>\n<li>P\u0159ihl\u00e1\u0161en\u00ed a odhl\u00e1\u0161en\u00ed zam\u011bstnanc\u016f na ZP a SSZ.<\/li>\n<li>Eviden\u010dn\u00ed listy d\u016fchodov\u00e9ho poji\u0161t\u011bn\u00ed a mzdov\u00e9 listy.<\/li>\n<li>Zastupov\u00e1n\u00ed na \u00fa\u0159adech (finan\u010dn\u00ed \u00fa\u0159ad, zdravotn\u00ed poji\u0161\u0165ovny, spr\u00e1va soci\u00e1ln\u00edho zabezpe\u010den\u00ed)<\/li>\n<li>Ro\u010dn\u00ed z\u00fa\u010dtov\u00e1n\u00ed dan\u011b z\u00a0p\u0159\u00edjm\u016f ze z\u00e1visl\u00e9 \u010dinnosti a funk\u010dn\u00edch po\u017eitk\u016f a sr\u00e1\u017ekovou da\u0148.<\/li>\n<li>Hl\u00e1\u0161en\u00ed zam\u011bstn\u00e1v\u00e1n\u00ed d\u016fchodc\u016f a osob t\u011blesn\u011b posti\u017een\u00fdch (ZTP, ZTP\/P).<\/li>\n<li>Archivace mzdov\u00fdch dokument\u016f.<\/li>\n<li>P\u0159\u00edpadnou sou\u010dinnost p\u0159i kontroln\u00edm \u0159\u00edzen\u00ed na spr\u00e1v\u011b soci\u00e1ln\u00edho zabezpe\u010den\u00ed a na zdravotn\u00edch poji\u0161\u0165ovn\u00e1ch.<\/li>\n<li>V\u0161echna data jsou ulo\u017eena na zabezpe\u010den\u00fdch serverech a z\u00e1lohov\u00e1na.<\/li>\n<li>Osobn\u00ed a platov\u00e9 \u00fadaje jsou soukrom\u00e9 informace. FCHAIN zaji\u0161\u0165uje a zaru\u010duje \u00faplnou ochranu dat.<\/li>\n<\/ul>\n<p>[\/vc_column_text][\/vc_column][vc_column width=&#8220;1\/2&#8243;][vc_single_image image=&#8220;19358&#8243; img_size=&#8220;full&#8220;][\/vc_column][\/vc_row][vc_row content_placement=&#8220;middle&#8220; css_animation=&#8220;fadeInUp&#8220;][vc_column width=&#8220;1\/2&#8243;][vc_single_image image=&#8220;19361&#8243; img_size=&#8220;full&#8220;][\/vc_column][vc_column width=&#8220;1\/2&#8243;][vc_column_text]Ve\u0161ker\u00e9 mzdov\u00e9 doklady a person\u00e1lie zpracov\u00e1v\u00e1me nejen dle platn\u00fdch pr\u00e1vn\u00edch p\u0159edpis\u016f, ale nav\u00edc je\u0161t\u011b podle Va\u0161ich po\u017eadavk\u016f a vnitropodnikov\u00fdch sm\u011brnic, kter\u00e9 m\u00e1te ji\u017e roky zaveden\u00e9. Dal\u0161\u00ed nemalou v\u00fdhodou na\u0161\u00ed spole\u010dnosti je ta skute\u010dnost, \u017ee neseme plnou v\u011bcnou a n\u00e1sledn\u011b finan\u010dn\u00ed odpov\u011bdnost za spr\u00e1vn\u00e9 veden\u00ed mezd a personalistiky, za v\u010dasn\u00e9 odvody a placen\u00ed dan\u00ed jako\u017e i za dodr\u017eov\u00e1n\u00ed ve\u0161ker\u00fdch lh\u016ft pro zpracov\u00e1n\u00ed da\u0148ov\u00fdch p\u0159izn\u00e1n\u00ed, p\u0159ehled\u016f a v\u00fdkaz\u016f. V\u0161echny pot\u0159ebn\u00e9 doklady a jejich p\u0159ed\u00e1v\u00e1n\u00ed zajist\u00edme v\u00a0s\u00eddle Va\u0161\u00ed spole\u010dnosti, nebo jin\u00fdm vhodn\u00fdm zp\u016fsobem, na kter\u00fdm se p\u0159edem dohodneme.<\/p>\n<p>D\u00edky sv\u00e9 specializaci m\u00e1me neust\u00e1l\u00fd p\u0159ehled o nejnov\u011bj\u0161\u00edch zm\u011bn\u00e1ch v\u00a0legislativ\u011b a jsme tak schopni okam\u017eit\u011b reagovat na nov\u00e9 povinnosti. V\u00a0neposledn\u00ed \u0159ad\u011b na\u0161i zku\u0161en\u00ed mzdov\u00ed \u00fa\u010detn\u00ed p\u0159evezmou Va\u0161\u00ed mzdovou agendu kompletn\u011b do sv\u00fdch rukou a spravuj\u00ed jej\u00ed ve\u0161ker\u00e9 n\u00e1le\u017eitosti, s\u00a0n\u00ed spojen\u00e9, za V\u00e1s.[\/vc_column_text][\/vc_column][\/vc_row]<\/p>\n<\/div>","protected":false},"excerpt":{"rendered":"<p>[vc_row equal_height=&#8220;yes&#8220; content_placement=&#8220;middle&#8220;][vc_column][vc_column_text] V\u00a0r\u00e1mci komplexn\u00ed nab\u00eddky slu\u017eeb, nab\u00edz\u00edme veden\u00ed\u00a0mzdov\u00e9 agendy\u00a0a dal\u0161\u00edch n\u00e1vazn\u00fdch slu\u017eeb v\u00a0oblasti\u00a0personalistiky. Zaji\u0161\u0165ujeme pro V\u00e1s modern\u00ed formu slu\u017eby extern\u00edho zpracov\u00e1n\u00ed mezd a personalistiky a to komplexn\u011b od samotn\u00e9ho vzniku pracovn\u00edho pom\u011bru, a\u017e po jeho z\u00e1nik.[\/vc_column_text][\/vc_column][\/vc_row][vc_row equal_height=&#8220;yes&#8220; content_placement=&#8220;middle&#8220; css_animation=&#8220;fadeInUp&#8220;][vc_column width=&#8220;1\/2&#8243;][vc_column_text] Mzdy a personalistika V\u00e1m zajist\u00ed n\u00e1sleduj\u00edc\u00ed slu\u017eby: Komplexn\u00ed zpracov\u00e1n\u00ed mzdov\u00e9 agendy mal\u00fdch i st\u0159edn\u00edch<\/p>\n","protected":false},"author":1,"featured_media":19372,"parent":0,"menu_order":0,"comment_status":"closed","ping_status":"closed","template":"","meta":{"_acf_changed":false,"footnotes":""},"class_list":["post-15254","page","type-page","status-publish","hentry"],"acf":[],"yoast_head":"<!-- This site is optimized with the Yoast SEO plugin v27.3 - https:\/\/yoast.com\/product\/yoast-seo-wordpress\/ -->\n<title>Mzdy a personalistika v Praze - Financial Chain Corporation<\/title>\n<meta name=\"description\" content=\"V\u00a0r\u00e1mci komplexn\u00ed nab\u00eddky slu\u017eeb, nab\u00edz\u00edme veden\u00ed\u00a0mzdov\u00e9 agendy\u00a0a dal\u0161\u00edch n\u00e1vazn\u00fdch slu\u017eeb v\u00a0oblasti\u00a0personalistiky. Zaji\u0161\u0165ujeme pro V\u00e1s modern\u00ed formu slu\u017eby extern\u00edho zpracov\u00e1n\u00ed mezd a personalistiky a to komplexn\u011b od samotn\u00e9ho vzniku pracovn\u00edho pom\u011bru, a\u017e po jeho z\u00e1nik\" \/>\n<meta name=\"robots\" content=\"index, follow, max-snippet:-1, max-image-preview:large, max-video-preview:-1\" \/>\n<link rel=\"canonical\" href=\"https:\/\/cz.f-chain.com\/salary-and-hr-services\/\" \/>\n<meta property=\"og:locale\" content=\"cs_CZ\" \/>\n<meta property=\"og:type\" content=\"article\" \/>\n<meta property=\"og:title\" content=\"Mzdy a personalistika v Praze - Financial Chain Corporation\" \/>\n<meta property=\"og:description\" content=\"V\u00a0r\u00e1mci komplexn\u00ed nab\u00eddky slu\u017eeb, nab\u00edz\u00edme veden\u00ed\u00a0mzdov\u00e9 agendy\u00a0a dal\u0161\u00edch n\u00e1vazn\u00fdch slu\u017eeb v\u00a0oblasti\u00a0personalistiky. Zaji\u0161\u0165ujeme pro V\u00e1s modern\u00ed formu slu\u017eby extern\u00edho zpracov\u00e1n\u00ed mezd a personalistiky a to komplexn\u011b od samotn\u00e9ho vzniku pracovn\u00edho pom\u011bru, a\u017e po jeho z\u00e1nik\" \/>\n<meta property=\"og:url\" content=\"https:\/\/cz.f-chain.com\/salary-and-hr-services\/\" \/>\n<meta property=\"og:site_name\" content=\"FCHAIN\" \/>\n<meta property=\"article:modified_time\" content=\"2022-12-07T13:33:23+00:00\" \/>\n<meta property=\"og:image\" content=\"https:\/\/cz.f-chain.com\/wp-content\/uploads\/2021\/05\/fchain_stock_70-scaled-e1606203224651.jpg\" \/>\n\t<meta property=\"og:image:width\" content=\"2560\" \/>\n\t<meta property=\"og:image:height\" content=\"1177\" \/>\n\t<meta property=\"og:image:type\" content=\"image\/jpeg\" \/>\n<meta name=\"twitter:card\" content=\"summary_large_image\" \/>\n<meta name=\"twitter:label1\" content=\"Odhadovan\u00e1 doba \u010dten\u00ed\" \/>\n\t<meta name=\"twitter:data1\" content=\"2 minuty\" \/>\n<script type=\"application\/ld+json\" class=\"yoast-schema-graph\">{\"@context\":\"https:\\\/\\\/schema.org\",\"@graph\":[{\"@type\":\"WebPage\",\"@id\":\"https:\\\/\\\/cz.f-chain.com\\\/salary-and-hr-services\\\/\",\"url\":\"https:\\\/\\\/cz.f-chain.com\\\/salary-and-hr-services\\\/\",\"name\":\"Mzdy a personalistika v Praze - Financial Chain Corporation\",\"isPartOf\":{\"@id\":\"https:\\\/\\\/cz.f-chain.com\\\/#website\"},\"primaryImageOfPage\":{\"@id\":\"https:\\\/\\\/cz.f-chain.com\\\/salary-and-hr-services\\\/#primaryimage\"},\"image\":{\"@id\":\"https:\\\/\\\/cz.f-chain.com\\\/salary-and-hr-services\\\/#primaryimage\"},\"thumbnailUrl\":\"https:\\\/\\\/cz.f-chain.com\\\/wp-content\\\/uploads\\\/2021\\\/05\\\/fchain_stock_70-scaled-e1606203224651.jpg\",\"datePublished\":\"2015-06-23T11:52:49+00:00\",\"dateModified\":\"2022-12-07T13:33:23+00:00\",\"description\":\"V\u00a0r\u00e1mci komplexn\u00ed nab\u00eddky slu\u017eeb, nab\u00edz\u00edme veden\u00ed\u00a0mzdov\u00e9 agendy\u00a0a dal\u0161\u00edch n\u00e1vazn\u00fdch slu\u017eeb v\u00a0oblasti\u00a0personalistiky. Zaji\u0161\u0165ujeme pro V\u00e1s modern\u00ed formu slu\u017eby extern\u00edho zpracov\u00e1n\u00ed mezd a personalistiky a to komplexn\u011b od samotn\u00e9ho vzniku pracovn\u00edho pom\u011bru, a\u017e po jeho z\u00e1nik\",\"breadcrumb\":{\"@id\":\"https:\\\/\\\/cz.f-chain.com\\\/salary-and-hr-services\\\/#breadcrumb\"},\"inLanguage\":\"cs\",\"potentialAction\":[{\"@type\":\"ReadAction\",\"target\":[\"https:\\\/\\\/cz.f-chain.com\\\/salary-and-hr-services\\\/\"]}]},{\"@type\":\"ImageObject\",\"inLanguage\":\"cs\",\"@id\":\"https:\\\/\\\/cz.f-chain.com\\\/salary-and-hr-services\\\/#primaryimage\",\"url\":\"https:\\\/\\\/cz.f-chain.com\\\/wp-content\\\/uploads\\\/2021\\\/05\\\/fchain_stock_70-scaled-e1606203224651.jpg\",\"contentUrl\":\"https:\\\/\\\/cz.f-chain.com\\\/wp-content\\\/uploads\\\/2021\\\/05\\\/fchain_stock_70-scaled-e1606203224651.jpg\",\"width\":2560,\"height\":1177},{\"@type\":\"BreadcrumbList\",\"@id\":\"https:\\\/\\\/cz.f-chain.com\\\/salary-and-hr-services\\\/#breadcrumb\",\"itemListElement\":[{\"@type\":\"ListItem\",\"position\":1,\"name\":\"Home\",\"item\":\"https:\\\/\\\/cz.f-chain.com\\\/cs\\\/\"},{\"@type\":\"ListItem\",\"position\":2,\"name\":\"Mzdy a personalistika\"}]},{\"@type\":\"WebSite\",\"@id\":\"https:\\\/\\\/cz.f-chain.com\\\/#website\",\"url\":\"https:\\\/\\\/cz.f-chain.com\\\/\",\"name\":\"FCHAIN\",\"description\":\"Financial Chain Corporation in Czech Republic\",\"potentialAction\":[{\"@type\":\"SearchAction\",\"target\":{\"@type\":\"EntryPoint\",\"urlTemplate\":\"https:\\\/\\\/cz.f-chain.com\\\/?s={search_term_string}\"},\"query-input\":{\"@type\":\"PropertyValueSpecification\",\"valueRequired\":true,\"valueName\":\"search_term_string\"}}],\"inLanguage\":\"cs\"}]}<\/script>\n<!-- \/ Yoast SEO plugin. -->","yoast_head_json":{"title":"Mzdy a personalistika v Praze - Financial Chain Corporation","description":"V\u00a0r\u00e1mci komplexn\u00ed nab\u00eddky slu\u017eeb, nab\u00edz\u00edme veden\u00ed\u00a0mzdov\u00e9 agendy\u00a0a dal\u0161\u00edch n\u00e1vazn\u00fdch slu\u017eeb v\u00a0oblasti\u00a0personalistiky. Zaji\u0161\u0165ujeme pro V\u00e1s modern\u00ed formu slu\u017eby extern\u00edho zpracov\u00e1n\u00ed mezd a personalistiky a to komplexn\u011b od samotn\u00e9ho vzniku pracovn\u00edho pom\u011bru, a\u017e po jeho z\u00e1nik","robots":{"index":"index","follow":"follow","max-snippet":"max-snippet:-1","max-image-preview":"max-image-preview:large","max-video-preview":"max-video-preview:-1"},"canonical":"https:\/\/cz.f-chain.com\/salary-and-hr-services\/","og_locale":"cs_CZ","og_type":"article","og_title":"Mzdy a personalistika v Praze - Financial Chain Corporation","og_description":"V\u00a0r\u00e1mci komplexn\u00ed nab\u00eddky slu\u017eeb, nab\u00edz\u00edme veden\u00ed\u00a0mzdov\u00e9 agendy\u00a0a dal\u0161\u00edch n\u00e1vazn\u00fdch slu\u017eeb v\u00a0oblasti\u00a0personalistiky. Zaji\u0161\u0165ujeme pro V\u00e1s modern\u00ed formu slu\u017eby extern\u00edho zpracov\u00e1n\u00ed mezd a personalistiky a to komplexn\u011b od samotn\u00e9ho vzniku pracovn\u00edho pom\u011bru, a\u017e po jeho z\u00e1nik","og_url":"https:\/\/cz.f-chain.com\/salary-and-hr-services\/","og_site_name":"FCHAIN","article_modified_time":"2022-12-07T13:33:23+00:00","og_image":[{"width":2560,"height":1177,"url":"https:\/\/cz.f-chain.com\/wp-content\/uploads\/2021\/05\/fchain_stock_70-scaled-e1606203224651.jpg","type":"image\/jpeg"}],"twitter_card":"summary_large_image","twitter_misc":{"Odhadovan\u00e1 doba \u010dten\u00ed":"2 minuty"},"schema":{"@context":"https:\/\/schema.org","@graph":[{"@type":"WebPage","@id":"https:\/\/cz.f-chain.com\/salary-and-hr-services\/","url":"https:\/\/cz.f-chain.com\/salary-and-hr-services\/","name":"Mzdy a personalistika v Praze - Financial Chain Corporation","isPartOf":{"@id":"https:\/\/cz.f-chain.com\/#website"},"primaryImageOfPage":{"@id":"https:\/\/cz.f-chain.com\/salary-and-hr-services\/#primaryimage"},"image":{"@id":"https:\/\/cz.f-chain.com\/salary-and-hr-services\/#primaryimage"},"thumbnailUrl":"https:\/\/cz.f-chain.com\/wp-content\/uploads\/2021\/05\/fchain_stock_70-scaled-e1606203224651.jpg","datePublished":"2015-06-23T11:52:49+00:00","dateModified":"2022-12-07T13:33:23+00:00","description":"V\u00a0r\u00e1mci komplexn\u00ed nab\u00eddky slu\u017eeb, nab\u00edz\u00edme veden\u00ed\u00a0mzdov\u00e9 agendy\u00a0a dal\u0161\u00edch n\u00e1vazn\u00fdch slu\u017eeb v\u00a0oblasti\u00a0personalistiky. Zaji\u0161\u0165ujeme pro V\u00e1s modern\u00ed formu slu\u017eby extern\u00edho zpracov\u00e1n\u00ed mezd a personalistiky a to komplexn\u011b od samotn\u00e9ho vzniku pracovn\u00edho pom\u011bru, a\u017e po jeho z\u00e1nik","breadcrumb":{"@id":"https:\/\/cz.f-chain.com\/salary-and-hr-services\/#breadcrumb"},"inLanguage":"cs","potentialAction":[{"@type":"ReadAction","target":["https:\/\/cz.f-chain.com\/salary-and-hr-services\/"]}]},{"@type":"ImageObject","inLanguage":"cs","@id":"https:\/\/cz.f-chain.com\/salary-and-hr-services\/#primaryimage","url":"https:\/\/cz.f-chain.com\/wp-content\/uploads\/2021\/05\/fchain_stock_70-scaled-e1606203224651.jpg","contentUrl":"https:\/\/cz.f-chain.com\/wp-content\/uploads\/2021\/05\/fchain_stock_70-scaled-e1606203224651.jpg","width":2560,"height":1177},{"@type":"BreadcrumbList","@id":"https:\/\/cz.f-chain.com\/salary-and-hr-services\/#breadcrumb","itemListElement":[{"@type":"ListItem","position":1,"name":"Home","item":"https:\/\/cz.f-chain.com\/cs\/"},{"@type":"ListItem","position":2,"name":"Mzdy a personalistika"}]},{"@type":"WebSite","@id":"https:\/\/cz.f-chain.com\/#website","url":"https:\/\/cz.f-chain.com\/","name":"FCHAIN","description":"Financial Chain Corporation in Czech Republic","potentialAction":[{"@type":"SearchAction","target":{"@type":"EntryPoint","urlTemplate":"https:\/\/cz.f-chain.com\/?s={search_term_string}"},"query-input":{"@type":"PropertyValueSpecification","valueRequired":true,"valueName":"search_term_string"}}],"inLanguage":"cs"}]}},"_links":{"self":[{"href":"https:\/\/cz.f-chain.com\/cs\/wp-json\/wp\/v2\/pages\/15254","targetHints":{"allow":["GET"]}}],"collection":[{"href":"https:\/\/cz.f-chain.com\/cs\/wp-json\/wp\/v2\/pages"}],"about":[{"href":"https:\/\/cz.f-chain.com\/cs\/wp-json\/wp\/v2\/types\/page"}],"author":[{"embeddable":true,"href":"https:\/\/cz.f-chain.com\/cs\/wp-json\/wp\/v2\/users\/1"}],"replies":[{"embeddable":true,"href":"https:\/\/cz.f-chain.com\/cs\/wp-json\/wp\/v2\/comments?post=15254"}],"version-history":[{"count":9,"href":"https:\/\/cz.f-chain.com\/cs\/wp-json\/wp\/v2\/pages\/15254\/revisions"}],"predecessor-version":[{"id":20316,"href":"https:\/\/cz.f-chain.com\/cs\/wp-json\/wp\/v2\/pages\/15254\/revisions\/20316"}],"wp:featuredmedia":[{"embeddable":true,"href":"https:\/\/cz.f-chain.com\/cs\/wp-json\/wp\/v2\/media\/19372"}],"wp:attachment":[{"href":"https:\/\/cz.f-chain.com\/cs\/wp-json\/wp\/v2\/media?parent=15254"}],"curies":[{"name":"wp","href":"https:\/\/api.w.org\/{rel}","templated":true}]}}